{"id":442,"date":"2013-08-18T12:30:42","date_gmt":"2013-08-18T10:30:42","guid":{"rendered":"http:\/\/climsom-suisse.ch\/startseite\/"},"modified":"2025-04-12T10:53:05","modified_gmt":"2025-04-12T08:53:05","slug":"startseite","status":"publish","type":"page","link":"https:\/\/climsom-suisse.ch\/de\/","title":{"rendered":"Startseite"},"content":{"rendered":"\n\t<div id=\"gap-1633635261\" class=\"gap-element clearfix\" style=\"display:block; height:auto;\">\n\t\t\n<style>\n#gap-1633635261 {\n  padding-top: 30px;\n}\n<\/style>\n\t<\/div>\n\t\n\n  <div class=\"banner-grid-wrapper\">\n  <div id=\"banner-grid-1287779232\" class=\"banner-grid row row-grid row-xsmall\" data-packery-options=\"\">\n                      \n\n<div class=\"col grid-col small-12 large-9 grid-col-1\" ><div class=\"col-inner box-shadow-1\">\n\n<div class=\"slider-wrapper relative\" id=\"slider-1171043585\" >\n    <div class=\"slider slider-nav-circle slider-nav-large slider-nav-light slider-style-normal\"\n        data-flickity-options='{\n            \"cellAlign\": \"center\",\n            \"imagesLoaded\": true,\n            \"lazyLoad\": 1,\n            \"freeScroll\": false,\n            \"wrapAround\": true,\n            \"autoPlay\": 6000,\n            \"pauseAutoPlayOnHover\" : true,\n            \"prevNextButtons\": true,\n            \"contain\" : true,\n            \"adaptiveHeight\" : true,\n            \"dragThreshold\" : 10,\n            \"percentPosition\": true,\n            \"pageDots\": true,\n            \"rightToLeft\": false,\n            \"draggable\": true,\n            \"selectedAttraction\": 0.1,\n            \"parallax\" : 0,\n            \"friction\": 0.6        }'\n        >\n        \n\n\n  <div class=\"banner has-hover bg-zoom-fade\" id=\"banner-123874559\">\n          <div class=\"banner-inner fill\">\n        <div class=\"banner-bg fill\" >\n            <img loading=\"lazy\" decoding=\"async\" width=\"770\" height=\"550\" src=\"https:\/\/climsom-suisse.ch\/wp-content\/uploads\/2024\/07\/climsom-slogan.webp\" class=\"bg attachment-large size-large\" alt=\"\" \/>                        <div class=\"overlay\"><\/div>            \n                    <\/div>\n\t\t\n        <div class=\"banner-layers container\">\n            <a class=\"fill\" href=\"https:\/\/climsom-suisse.ch\/produit\/surmatelas-climatise-couple\/\"><div class=\"fill banner-link\"><\/div><\/a>            \n\n   <div id=\"text-box-1418515589\" class=\"text-box banner-layer x10 md-x10 lg-x10 y50 md-y50 lg-y50 res-text\">\n                                <div class=\"text-box-content text \">\n              \n              <div class=\"text-inner text-left\">\n                  \n\n\t<div id=\"text-2167145439\" class=\"text\">\n\t\t\n\n<p class=\"lead alt-font\"><span style=\"font-size: 190%\">Climsom Suisse<\/span><\/p>\n<h2 class=\"uppercase\"><span style=\"font-size: 130%\"><strong>Pour que vos nuits soient aussi belles que vous jours<\/strong><\/span><\/h2>\n\t\t\n<style>\n#text-2167145439 {\n  font-size: 0.75rem;\n  color: rgb(255, 255, 255);\n}\n#text-2167145439 > * {\n  color: rgb(255, 255, 255);\n}\n<\/style>\n\t<\/div>\n\t\n<div class=\"is-divider divider clearfix\" ><\/div>\n\n<a href=\"https:\/\/climsom-suisse.ch\/produit\/surmatelas-climatise-couple\/\" class=\"button primary is-outline is-larger\" >\n\t\t<span>En savoir plus<\/span>\n\t<\/a>\n\n\n\n              <\/div>\n           <\/div>\n                            \n<style>\n#text-box-1418515589 {\n  width: 50%;\n}\n#text-box-1418515589 .text-box-content {\n  font-size: 99%;\n}\n<\/style>\n    <\/div>\n \n\n        <\/div>\n      <\/div>\n\n            \n<style>\n#banner-123874559 {\n  padding-top: 500px;\n  background-color: rgb(255, 255, 255);\n}\n#banner-123874559 .overlay {\n  background-color: rgba(0,0,0,.5);\n}\n#banner-123874559 .banner-bg img {\n  object-position: 65% 16%;\n}\n<\/style>\n  <\/div>\n\n\n\n  <div class=\"banner has-hover bg-zoom-fade\" id=\"banner-1659130408\">\n          <div class=\"banner-inner fill\">\n        <div class=\"banner-bg fill\" >\n            <img loading=\"lazy\" decoding=\"async\" width=\"770\" height=\"550\" src=\"https:\/\/climsom-suisse.ch\/wp-content\/uploads\/2024\/07\/climsom-zen-slide-1.png\" class=\"bg attachment-large size-large\" alt=\"\" \/>                        <div class=\"overlay\"><\/div>            \n                    <\/div>\n\t\t\n        <div class=\"banner-layers container\">\n            <a class=\"fill\" href=\"https:\/\/climsom-suisse.ch\/produit\/tapis-acu-magnetotherapie-climsom-zen\/\"><div class=\"fill banner-link\"><\/div><\/a>            \n\n   <div id=\"text-box-975774819\" class=\"text-box banner-layer x50 md-x50 lg-x50 y50 md-y50 lg-y50 res-text\">\n                                <div class=\"text-box-content text dark\">\n              \n              <div class=\"text-inner text-center\">\n                  \n\n\t<div id=\"text-4013918619\" class=\"text\">\n\t\t\n\n<p class=\"lead alt-font\"><span style=\"font-size: 190%\">L&#8217;acupression Climsom<\/span><\/p>\n<h2 class=\"uppercase\"><span style=\"font-size: 130%\"><strong>TAPIS D&#8217;ACUPRESSION ZEN<\/strong><\/span><\/h2>\n\t\t\n<style>\n#text-4013918619 {\n  color: rgb(255, 255, 255);\n}\n#text-4013918619 > * {\n  color: rgb(255, 255, 255);\n}\n<\/style>\n\t<\/div>\n\t\n<div class=\"is-divider divider clearfix\" ><\/div>\n\n<a href=\"https:\/\/climsom-suisse.ch\/produit\/bonnet-anti-migraine-poche-de-gel-froid\/\" class=\"button primary is-larger\" >\n\t\t<span>En Savoir +<\/span>\n\t<\/a>\n\n\n\n              <\/div>\n           <\/div>\n                            \n<style>\n#text-box-975774819 {\n  width: 78%;\n}\n#text-box-975774819 .text-box-content {\n  font-size: 99%;\n}\n@media (min-width:550px) {\n  #text-box-975774819 {\n    width: 50%;\n  }\n}\n<\/style>\n    <\/div>\n \n\n        <\/div>\n      <\/div>\n\n            \n<style>\n#banner-1659130408 {\n  padding-top: 500px;\n  background-color: rgb(255, 255, 255);\n}\n#banner-1659130408 .overlay {\n  background-color: rgba(0, 0, 0, 0.314);\n}\n#banner-1659130408 .banner-bg img {\n  object-position: 56% 29%;\n}\n<\/style>\n  <\/div>\n\n\n\n     <\/div>\n\n     <div class=\"loading-spin dark large centered\"><\/div>\n\n\t<\/div>\n\n\n\n<\/div><\/div>\n<div class=\"col grid-col small-12 large-3 grid-col-1-2\" ><div class=\"col-inner box-shadow-1\">\n\n\n  <div class=\"banner has-hover bg-zoom-fade\" id=\"banner-341721777\">\n          <div class=\"banner-inner fill\">\n        <div class=\"banner-bg fill\" >\n            <img loading=\"lazy\" decoding=\"async\" width=\"260\" height=\"280\" src=\"https:\/\/climsom-suisse.ch\/wp-content\/uploads\/2024\/07\/masque-anti-migraine.webp\" class=\"bg attachment-medium size-medium\" alt=\"\" \/>                        <div class=\"overlay\"><\/div>            \n                    <\/div>\n\t\t\n        <div class=\"banner-layers container\">\n            <a class=\"fill\" href=\"https:\/\/climsom-suisse.ch\/produit\/bonnet-anti-migraine-poche-de-gel-froid\/\"><div class=\"fill banner-link\"><\/div><\/a>            \n\n   <div id=\"text-box-1713800129\" class=\"text-box banner-layer x50 md-x50 lg-x50 y95 md-y95 lg-y95 res-text\">\n                                <div class=\"text-box-content text dark\">\n              \n              <div class=\"text-inner text-center\">\n                  \n\n<h2 class=\"uppercase\"><strong>Bonnet Anti Migraine<\/strong><\/h2>\n<div class=\"is-divider divider clearfix\" ><\/div>\n\n\n              <\/div>\n           <\/div>\n                            \n<style>\n#text-box-1713800129 {\n  width: 60%;\n}\n#text-box-1713800129 .text-box-content {\n  font-size: 100%;\n}\n@media (min-width:550px) {\n  #text-box-1713800129 {\n    width: 57%;\n  }\n}\n<\/style>\n    <\/div>\n \n\n        <\/div>\n      <\/div>\n\n            \n<style>\n#banner-341721777 {\n  padding-top: 500px;\n}\n#banner-341721777 .overlay {\n  background-color: rgba(0,0,0,.5);\n}\n<\/style>\n  <\/div>\n\n\n\n<\/div><\/div>\n<div class=\"col grid-col small-13 large-3 grid-col-1-2\" ><div class=\"col-inner box-shadow-1\">\n\n\n  <div class=\"banner has-hover bg-zoom-fade\" id=\"banner-344738262\">\n          <div class=\"banner-inner fill\">\n        <div class=\"banner-bg fill\" >\n            <img loading=\"lazy\" decoding=\"async\" width=\"260\" height=\"280\" src=\"https:\/\/climsom-suisse.ch\/wp-content\/uploads\/2024\/07\/masseur-oculaire.webp\" class=\"bg attachment-medium size-medium\" alt=\"\" \/>                        <div class=\"overlay\"><\/div>            \n                    <\/div>\n\t\t\n        <div class=\"banner-layers container\">\n            <a class=\"fill\" href=\"https:\/\/climsom-suisse.ch\/produit\/masseur-oculaire-eye-massager\/\"><div class=\"fill banner-link\"><\/div><\/a>            \n\n   <div id=\"text-box-1611607009\" class=\"text-box banner-layer x50 md-x50 lg-x50 y95 md-y95 lg-y95 res-text\">\n                                <div class=\"text-box-content text dark\">\n              \n              <div class=\"text-inner text-center\">\n                  \n\n<h2 class=\"uppercase\"><strong>Masseur Oculaire<\/strong><\/h2>\n<div class=\"is-divider divider clearfix\" ><\/div>\n\n\n              <\/div>\n           <\/div>\n                            \n<style>\n#text-box-1611607009 {\n  width: 60%;\n}\n#text-box-1611607009 .text-box-content {\n  font-size: 100%;\n}\n@media (min-width:550px) {\n  #text-box-1611607009 {\n    width: 68%;\n  }\n}\n<\/style>\n    <\/div>\n \n\n        <\/div>\n      <\/div>\n\n            \n<style>\n#banner-344738262 {\n  padding-top: 500px;\n}\n#banner-344738262 .overlay {\n  background-color: rgba(0, 0, 0, 0.233);\n}\n<\/style>\n  <\/div>\n\n\n\n<\/div><\/div>\n\n            <\/div>\n    <style>\n    #banner-grid-1287779232 .grid-col-1{height: 575px}\n    #banner-grid-1287779232 .grid-col-1-2{height: 287.5px}\n    #banner-grid-1287779232 .grid-col-1-3{height:191.66666666667px}\n    #banner-grid-1287779232 .grid-col-2-3{height: 383.33333333333px}\n    #banner-grid-1287779232 .grid-col-1-4{height: 143.75px}\n    #banner-grid-1287779232 .grid-col-3-4{height: 431.25px}\n\n\n    \n    \n\n  <\/style>\n    <\/div>\n  \n\t<div id=\"gap-1483267726\" class=\"gap-element clearfix\" style=\"display:block; height:auto;\">\n\t\t\n<style>\n#gap-1483267726 {\n  padding-top: 30px;\n}\n<\/style>\n\t<\/div>\n\t\n\n<div class=\"container section-title-container\" style=\"margin-top:40px;\"><h3 class=\"section-title section-title-bold-center\"><b aria-hidden=\"true\"><\/b><span class=\"section-title-main\" style=\"font-size:undefined%;\">Meilleures ventes<\/span><b aria-hidden=\"true\"><\/b><\/h3><\/div>\n\n\t\n  \n    <div class=\"row large-columns-4 medium-columns-3 small-columns-2 row-small has-shadow row-box-shadow-1 row-box-shadow-2-hover\" >\n  \n\t     <div class=\"product-small col has-hover out-of-stock product type-product post-1817 status-publish first outofstock product_cat-alle-produkte product_cat-climsom product_cat-neuheiten product_cat-shop product_cat-unsere-auswahl product_cat-unsere-produkte has-post-thumbnail sale taxable shipping-taxable purchasable product-type-simple\">\n\t<div class=\"col-inner\">\n\t\n<div class=\"badge-container absolute left top z-1\">\n<div class=\"callout badge badge-circle\"><div class=\"badge-inner secondary on-sale\"><span class=\"onsale\">Angebot!<\/span><\/div><\/div>\n<\/div>\n\t<div class=\"product-small box \">\n\t\t<div class=\"box-image\">\n\t\t\t<div class=\"image-fade_in_back\">\n\t\t\t\t<a href=\"https:\/\/climsom-suisse.ch\/de\/produkt\/persoenliche-klimatisierte-matratzenauflage\/\">\n\t\t\t\t\t<img loading=\"lazy\" decoding=\"async\" width=\"300\" height=\"300\" src=\"https:\/\/climsom-suisse.ch\/wp-content\/uploads\/2020\/03\/215-Surmatelas-climatise-personnel-300x300.jpg\" class=\"attachment-woocommerce_thumbnail size-woocommerce_thumbnail\" alt=\"Pers\u00f6nliche klimatisierte Matratzenauflage\" srcset=\"https:\/\/climsom-suisse.ch\/wp-content\/uploads\/2020\/03\/215-Surmatelas-climatise-personnel-300x300.jpg 300w, https:\/\/climsom-suisse.ch\/wp-content\/uploads\/2020\/03\/215-Surmatelas-climatise-personnel-280x280.jpg 280w, https:\/\/climsom-suisse.ch\/wp-content\/uploads\/2020\/03\/215-Surmatelas-climatise-personnel-100x100.jpg 100w\" sizes=\"auto, (max-width: 300px) 100vw, 300px\" \/><img loading=\"lazy\" decoding=\"async\" width=\"300\" height=\"300\" src=\"https:\/\/climsom-suisse.ch\/wp-content\/uploads\/2020\/03\/215-Surmatelas-climatise-personnel-300x300.jpg\" class=\"show-on-hover absolute fill hide-for-small back-image\" alt=\"Pers\u00f6nliche klimatisierte Matratzenauflage\" aria-hidden=\"true\" srcset=\"https:\/\/climsom-suisse.ch\/wp-content\/uploads\/2020\/03\/215-Surmatelas-climatise-personnel-300x300.jpg 300w, https:\/\/climsom-suisse.ch\/wp-content\/uploads\/2020\/03\/215-Surmatelas-climatise-personnel-280x280.jpg 280w, https:\/\/climsom-suisse.ch\/wp-content\/uploads\/2020\/03\/215-Surmatelas-climatise-personnel-100x100.jpg 100w\" sizes=\"auto, (max-width: 300px) 100vw, 300px\" \/>\t\t\t\t<\/a>\n\t\t\t<\/div>\n\t\t\t<div class=\"image-tools is-small top right show-on-hover\">\n\t\t\t\t\t\t\t<\/div>\n\t\t\t<div class=\"image-tools is-small hide-for-small bottom left show-on-hover\">\n\t\t\t\t\t\t\t<\/div>\n\t\t\t<div class=\"image-tools grid-tools text-center hide-for-small bottom hover-slide-in show-on-hover\">\n\t\t\t\t<a href=\"#quick-view\" class=\"quick-view\" role=\"button\" data-prod=\"1817\" aria-haspopup=\"dialog\" aria-expanded=\"false\" data-flatsome-role-button>Schnellansicht<\/a>\t\t\t<\/div>\n\t\t\t<div class=\"out-of-stock-label\">Nicht vorr\u00e4tig<\/div>\t\t<\/div>\n\n\t\t<div class=\"box-text box-text-products text-center grid-style-2\">\n\t\t\t<div class=\"title-wrapper\"><p class=\"name product-title woocommerce-loop-product__title\"><a href=\"https:\/\/climsom-suisse.ch\/de\/produkt\/persoenliche-klimatisierte-matratzenauflage\/\" class=\"woocommerce-LoopProduct-link woocommerce-loop-product__link\">Pers\u00f6nliche klimatisierte Matratzenauflage<\/a><\/p><\/div><div class=\"price-wrapper\">\n\t<span class=\"price\"><del aria-hidden=\"true\"><span class=\"woocommerce-Price-amount amount\"><bdi><span class=\"woocommerce-Price-currencySymbol\" translate=\"no\">&#67;&#72;&#70;<\/span>&nbsp;420.00<\/bdi><\/span><\/del> <span class=\"screen-reader-text\">Urspr\u00fcnglicher Preis war: &#067;&#072;&#070;&nbsp;420.00<\/span><ins aria-hidden=\"true\"><span class=\"woocommerce-Price-amount amount\"><bdi><span class=\"woocommerce-Price-currencySymbol\" translate=\"no\">&#67;&#72;&#70;<\/span>&nbsp;410.00<\/bdi><\/span><\/ins><span class=\"screen-reader-text\">Aktueller Preis ist: &#067;&#072;&#070;&nbsp;410.00.<\/span><\/span>\n<\/div><div class=\"add-to-cart-button\"><a href=\"https:\/\/climsom-suisse.ch\/de\/produkt\/persoenliche-klimatisierte-matratzenauflage\/\" aria-describedby=\"woocommerce_loop_add_to_cart_link_describedby_1817\" data-quantity=\"1\" class=\"primary is-small mb-0 button product_type_simple is-outline\" data-product_id=\"1817\" data-product_sku=\"\" aria-label=\"Lese mehr \u00fcber &#8222;Pers\u00f6nliche klimatisierte Matratzenauflage&#8220;\" rel=\"nofollow\" data-success_message=\"\">Weiterlesen<\/a><\/div>\t<span id=\"woocommerce_loop_add_to_cart_link_describedby_1817\" class=\"screen-reader-text\">\n\t\t\t<\/span>\n\t\t<\/div>\n\t<\/div>\n\t\t<\/div>\n<\/div><div class=\"product-small col has-hover out-of-stock product type-product post-1819 status-publish outofstock product_cat-climsom has-post-thumbnail sale taxable shipping-taxable purchasable product-type-simple\">\n\t<div class=\"col-inner\">\n\t\n<div class=\"badge-container absolute left top z-1\">\n<div class=\"callout badge badge-circle\"><div class=\"badge-inner secondary on-sale\"><span class=\"onsale\">Angebot!<\/span><\/div><\/div>\n<\/div>\n\t<div class=\"product-small box \">\n\t\t<div class=\"box-image\">\n\t\t\t<div class=\"image-fade_in_back\">\n\t\t\t\t<a href=\"https:\/\/climsom-suisse.ch\/de\/produkt\/klimatisierte-matratzenauflage-double-cd\/\">\n\t\t\t\t\t<img loading=\"lazy\" decoding=\"async\" width=\"300\" height=\"300\" src=\"https:\/\/climsom-suisse.ch\/wp-content\/uploads\/2020\/03\/47-Surmatelas-climatise-Double-CD-300x300.jpg\" class=\"attachment-woocommerce_thumbnail size-woocommerce_thumbnail\" alt=\"Klimatisierte Matratzenauflage Double (CD)\" srcset=\"https:\/\/climsom-suisse.ch\/wp-content\/uploads\/2020\/03\/47-Surmatelas-climatise-Double-CD-300x300.jpg 300w, https:\/\/climsom-suisse.ch\/wp-content\/uploads\/2020\/03\/47-Surmatelas-climatise-Double-CD-280x280.jpg 280w, https:\/\/climsom-suisse.ch\/wp-content\/uploads\/2020\/03\/47-Surmatelas-climatise-Double-CD-100x100.jpg 100w\" sizes=\"auto, (max-width: 300px) 100vw, 300px\" \/><img loading=\"lazy\" decoding=\"async\" width=\"300\" height=\"300\" src=\"https:\/\/climsom-suisse.ch\/wp-content\/uploads\/2020\/03\/47-Surmatelas-climatise-Double-CD-300x300.jpg\" class=\"show-on-hover absolute fill hide-for-small back-image\" alt=\"Klimatisierte Matratzenauflage Double (CD)\" aria-hidden=\"true\" srcset=\"https:\/\/climsom-suisse.ch\/wp-content\/uploads\/2020\/03\/47-Surmatelas-climatise-Double-CD-300x300.jpg 300w, https:\/\/climsom-suisse.ch\/wp-content\/uploads\/2020\/03\/47-Surmatelas-climatise-Double-CD-280x280.jpg 280w, https:\/\/climsom-suisse.ch\/wp-content\/uploads\/2020\/03\/47-Surmatelas-climatise-Double-CD-100x100.jpg 100w\" sizes=\"auto, (max-width: 300px) 100vw, 300px\" \/>\t\t\t\t<\/a>\n\t\t\t<\/div>\n\t\t\t<div class=\"image-tools is-small top right show-on-hover\">\n\t\t\t\t\t\t\t<\/div>\n\t\t\t<div class=\"image-tools is-small hide-for-small bottom left show-on-hover\">\n\t\t\t\t\t\t\t<\/div>\n\t\t\t<div class=\"image-tools grid-tools text-center hide-for-small bottom hover-slide-in show-on-hover\">\n\t\t\t\t<a href=\"#quick-view\" class=\"quick-view\" role=\"button\" data-prod=\"1819\" aria-haspopup=\"dialog\" aria-expanded=\"false\" data-flatsome-role-button>Schnellansicht<\/a>\t\t\t<\/div>\n\t\t\t<div class=\"out-of-stock-label\">Nicht vorr\u00e4tig<\/div>\t\t<\/div>\n\n\t\t<div class=\"box-text box-text-products text-center grid-style-2\">\n\t\t\t<div class=\"title-wrapper\"><p class=\"name product-title woocommerce-loop-product__title\"><a href=\"https:\/\/climsom-suisse.ch\/de\/produkt\/klimatisierte-matratzenauflage-double-cd\/\" class=\"woocommerce-LoopProduct-link woocommerce-loop-product__link\">Klimatisierte Matratzenauflage Double (CD)<\/a><\/p><\/div><div class=\"price-wrapper\">\n\t<span class=\"price\"><del aria-hidden=\"true\"><span class=\"woocommerce-Price-amount amount\"><bdi><span class=\"woocommerce-Price-currencySymbol\" translate=\"no\">&#67;&#72;&#70;<\/span>&nbsp;499.00<\/bdi><\/span><\/del> <span class=\"screen-reader-text\">Urspr\u00fcnglicher Preis war: &#067;&#072;&#070;&nbsp;499.00<\/span><ins aria-hidden=\"true\"><span class=\"woocommerce-Price-amount amount\"><bdi><span class=\"woocommerce-Price-currencySymbol\" translate=\"no\">&#67;&#72;&#70;<\/span>&nbsp;469.00<\/bdi><\/span><\/ins><span class=\"screen-reader-text\">Aktueller Preis ist: &#067;&#072;&#070;&nbsp;469.00.<\/span><\/span>\n<\/div><div class=\"add-to-cart-button\"><a href=\"https:\/\/climsom-suisse.ch\/de\/produkt\/klimatisierte-matratzenauflage-double-cd\/\" aria-describedby=\"woocommerce_loop_add_to_cart_link_describedby_1819\" data-quantity=\"1\" class=\"primary is-small mb-0 button product_type_simple is-outline\" data-product_id=\"1819\" data-product_sku=\"\" aria-label=\"Lese mehr \u00fcber &#8222;Klimatisierte Matratzenauflage Double (CD)&#8220;\" rel=\"nofollow\" data-success_message=\"\">Weiterlesen<\/a><\/div>\t<span id=\"woocommerce_loop_add_to_cart_link_describedby_1819\" class=\"screen-reader-text\">\n\t\t\t<\/span>\n\t\t<\/div>\n\t<\/div>\n\t\t<\/div>\n<\/div><div class=\"product-small col has-hover out-of-stock product type-product post-1832 status-publish last outofstock product_cat-climsom has-post-thumbnail sale taxable shipping-taxable purchasable product-type-simple\">\n\t<div class=\"col-inner\">\n\t\n<div class=\"badge-container absolute left top z-1\">\n<div class=\"callout badge badge-circle\"><div class=\"badge-inner secondary on-sale\"><span class=\"onsale\">Angebot!<\/span><\/div><\/div>\n<\/div>\n\t<div class=\"product-small box \">\n\t\t<div class=\"box-image\">\n\t\t\t<div class=\"image-fade_in_back\">\n\t\t\t\t<a href=\"https:\/\/climsom-suisse.ch\/de\/produkt\/klimatisierte-matratzenauflage-duo-couple\/\">\n\t\t\t\t\t<img loading=\"lazy\" decoding=\"async\" width=\"300\" height=\"300\" src=\"https:\/\/climsom-suisse.ch\/wp-content\/uploads\/2020\/02\/280-Surmatelas-climatise-Duo-Couple-300x300.jpg\" class=\"attachment-woocommerce_thumbnail size-woocommerce_thumbnail\" alt=\"Klimatisierte Matratzenauflage Duo Couple\" srcset=\"https:\/\/climsom-suisse.ch\/wp-content\/uploads\/2020\/02\/280-Surmatelas-climatise-Duo-Couple-300x300.jpg 300w, https:\/\/climsom-suisse.ch\/wp-content\/uploads\/2020\/02\/280-Surmatelas-climatise-Duo-Couple-280x280.jpg 280w, https:\/\/climsom-suisse.ch\/wp-content\/uploads\/2020\/02\/280-Surmatelas-climatise-Duo-Couple-100x100.jpg 100w\" sizes=\"auto, (max-width: 300px) 100vw, 300px\" \/><img loading=\"lazy\" decoding=\"async\" width=\"300\" height=\"300\" src=\"https:\/\/climsom-suisse.ch\/wp-content\/uploads\/2020\/02\/280-Surmatelas-climatise-Duo-Couple-300x300.jpg\" class=\"show-on-hover absolute fill hide-for-small back-image\" alt=\"Klimatisierte Matratzenauflage Duo Couple\" aria-hidden=\"true\" srcset=\"https:\/\/climsom-suisse.ch\/wp-content\/uploads\/2020\/02\/280-Surmatelas-climatise-Duo-Couple-300x300.jpg 300w, https:\/\/climsom-suisse.ch\/wp-content\/uploads\/2020\/02\/280-Surmatelas-climatise-Duo-Couple-280x280.jpg 280w, https:\/\/climsom-suisse.ch\/wp-content\/uploads\/2020\/02\/280-Surmatelas-climatise-Duo-Couple-100x100.jpg 100w\" sizes=\"auto, (max-width: 300px) 100vw, 300px\" \/>\t\t\t\t<\/a>\n\t\t\t<\/div>\n\t\t\t<div class=\"image-tools is-small top right show-on-hover\">\n\t\t\t\t\t\t\t<\/div>\n\t\t\t<div class=\"image-tools is-small hide-for-small bottom left show-on-hover\">\n\t\t\t\t\t\t\t<\/div>\n\t\t\t<div class=\"image-tools grid-tools text-center hide-for-small bottom hover-slide-in show-on-hover\">\n\t\t\t\t<a href=\"#quick-view\" class=\"quick-view\" role=\"button\" data-prod=\"1832\" aria-haspopup=\"dialog\" aria-expanded=\"false\" data-flatsome-role-button>Schnellansicht<\/a>\t\t\t<\/div>\n\t\t\t<div class=\"out-of-stock-label\">Nicht vorr\u00e4tig<\/div>\t\t<\/div>\n\n\t\t<div class=\"box-text box-text-products text-center grid-style-2\">\n\t\t\t<div class=\"title-wrapper\"><p class=\"name product-title woocommerce-loop-product__title\"><a href=\"https:\/\/climsom-suisse.ch\/de\/produkt\/klimatisierte-matratzenauflage-duo-couple\/\" class=\"woocommerce-LoopProduct-link woocommerce-loop-product__link\">Klimatisierte Matratzenauflage Duo Couple<\/a><\/p><\/div><div class=\"price-wrapper\">\n\t<span class=\"price\"><del aria-hidden=\"true\"><span class=\"woocommerce-Price-amount amount\"><bdi><span class=\"woocommerce-Price-currencySymbol\" translate=\"no\">&#67;&#72;&#70;<\/span>&nbsp;810.00<\/bdi><\/span><\/del> <span class=\"screen-reader-text\">Urspr\u00fcnglicher Preis war: &#067;&#072;&#070;&nbsp;810.00<\/span><ins aria-hidden=\"true\"><span class=\"woocommerce-Price-amount amount\"><bdi><span class=\"woocommerce-Price-currencySymbol\" translate=\"no\">&#67;&#72;&#70;<\/span>&nbsp;760.00<\/bdi><\/span><\/ins><span class=\"screen-reader-text\">Aktueller Preis ist: &#067;&#072;&#070;&nbsp;760.00.<\/span><\/span>\n<\/div><div class=\"add-to-cart-button\"><a href=\"https:\/\/climsom-suisse.ch\/de\/produkt\/klimatisierte-matratzenauflage-duo-couple\/\" aria-describedby=\"woocommerce_loop_add_to_cart_link_describedby_1832\" data-quantity=\"1\" class=\"primary is-small mb-0 button product_type_simple is-outline\" data-product_id=\"1832\" data-product_sku=\"\" aria-label=\"Lese mehr \u00fcber &#8222;Klimatisierte Matratzenauflage Duo Couple&#8220;\" rel=\"nofollow\" data-success_message=\"\">Weiterlesen<\/a><\/div>\t<span id=\"woocommerce_loop_add_to_cart_link_describedby_1832\" class=\"screen-reader-text\">\n\t\t\t<\/span>\n\t\t<\/div>\n\t<\/div>\n\t\t<\/div>\n<\/div><div class=\"product-small col has-hover out-of-stock product type-product post-1751 status-publish first outofstock product_cat-alle-produkte product_cat-climsom product_cat-neuheiten product_cat-shop product_cat-unsere-produkte has-post-thumbnail sale featured taxable shipping-taxable purchasable product-type-simple\">\n\t<div class=\"col-inner\">\n\t\n<div class=\"badge-container absolute left top z-1\">\n<div class=\"callout badge badge-circle\"><div class=\"badge-inner secondary on-sale\"><span class=\"onsale\">Angebot!<\/span><\/div><\/div>\n<\/div>\n\t<div class=\"product-small box \">\n\t\t<div class=\"box-image\">\n\t\t\t<div class=\"image-fade_in_back\">\n\t\t\t\t<a href=\"https:\/\/climsom-suisse.ch\/de\/produkt\/matratzenauflage-hitzewelle\/\">\n\t\t\t\t\t<img loading=\"lazy\" decoding=\"async\" width=\"300\" height=\"300\" src=\"https:\/\/climsom-suisse.ch\/wp-content\/uploads\/2023\/03\/344-Surmatelas-Canicule-300x300.jpg\" class=\"attachment-woocommerce_thumbnail size-woocommerce_thumbnail\" alt=\"Matratzenauflage \u201eHitzewelle\u201c\" srcset=\"https:\/\/climsom-suisse.ch\/wp-content\/uploads\/2023\/03\/344-Surmatelas-Canicule-300x300.jpg 300w, https:\/\/climsom-suisse.ch\/wp-content\/uploads\/2023\/03\/344-Surmatelas-Canicule-280x280.jpg 280w, https:\/\/climsom-suisse.ch\/wp-content\/uploads\/2023\/03\/344-Surmatelas-Canicule-100x100.jpg 100w\" sizes=\"auto, (max-width: 300px) 100vw, 300px\" \/><img loading=\"lazy\" decoding=\"async\" width=\"300\" height=\"300\" src=\"https:\/\/climsom-suisse.ch\/wp-content\/uploads\/2023\/03\/344-Surmatelas-Canicule-300x300.jpg\" class=\"show-on-hover absolute fill hide-for-small back-image\" alt=\"Matratzenauflage \u201eHitzewelle\u201c\" aria-hidden=\"true\" srcset=\"https:\/\/climsom-suisse.ch\/wp-content\/uploads\/2023\/03\/344-Surmatelas-Canicule-300x300.jpg 300w, https:\/\/climsom-suisse.ch\/wp-content\/uploads\/2023\/03\/344-Surmatelas-Canicule-280x280.jpg 280w, https:\/\/climsom-suisse.ch\/wp-content\/uploads\/2023\/03\/344-Surmatelas-Canicule-100x100.jpg 100w\" sizes=\"auto, (max-width: 300px) 100vw, 300px\" \/>\t\t\t\t<\/a>\n\t\t\t<\/div>\n\t\t\t<div class=\"image-tools is-small top right show-on-hover\">\n\t\t\t\t\t\t\t<\/div>\n\t\t\t<div class=\"image-tools is-small hide-for-small bottom left show-on-hover\">\n\t\t\t\t\t\t\t<\/div>\n\t\t\t<div class=\"image-tools grid-tools text-center hide-for-small bottom hover-slide-in show-on-hover\">\n\t\t\t\t<a href=\"#quick-view\" class=\"quick-view\" role=\"button\" data-prod=\"1751\" aria-haspopup=\"dialog\" aria-expanded=\"false\" data-flatsome-role-button>Schnellansicht<\/a>\t\t\t<\/div>\n\t\t\t<div class=\"out-of-stock-label\">Nicht vorr\u00e4tig<\/div>\t\t<\/div>\n\n\t\t<div class=\"box-text box-text-products text-center grid-style-2\">\n\t\t\t<div class=\"title-wrapper\"><p class=\"name product-title woocommerce-loop-product__title\"><a href=\"https:\/\/climsom-suisse.ch\/de\/produkt\/matratzenauflage-hitzewelle\/\" class=\"woocommerce-LoopProduct-link woocommerce-loop-product__link\">Matratzenauflage \u201eHitzewelle\u201c<\/a><\/p><\/div><div class=\"price-wrapper\">\n\t<span class=\"price\"><del aria-hidden=\"true\"><span class=\"woocommerce-Price-amount amount\"><bdi><span class=\"woocommerce-Price-currencySymbol\" translate=\"no\">&#67;&#72;&#70;<\/span>&nbsp;525.00<\/bdi><\/span><\/del> <span class=\"screen-reader-text\">Urspr\u00fcnglicher Preis war: &#067;&#072;&#070;&nbsp;525.00<\/span><ins aria-hidden=\"true\"><span class=\"woocommerce-Price-amount amount\"><bdi><span class=\"woocommerce-Price-currencySymbol\" translate=\"no\">&#67;&#72;&#70;<\/span>&nbsp;495.00<\/bdi><\/span><\/ins><span class=\"screen-reader-text\">Aktueller Preis ist: &#067;&#072;&#070;&nbsp;495.00.<\/span><\/span>\n<\/div><div class=\"add-to-cart-button\"><a href=\"https:\/\/climsom-suisse.ch\/de\/produkt\/matratzenauflage-hitzewelle\/\" aria-describedby=\"woocommerce_loop_add_to_cart_link_describedby_1751\" data-quantity=\"1\" class=\"primary is-small mb-0 button product_type_simple is-outline\" data-product_id=\"1751\" data-product_sku=\"\" aria-label=\"Lese mehr \u00fcber &#8222;Matratzenauflage \u201eHitzewelle\u201c&#8220;\" rel=\"nofollow\" data-success_message=\"\">Weiterlesen<\/a><\/div>\t<span id=\"woocommerce_loop_add_to_cart_link_describedby_1751\" class=\"screen-reader-text\">\n\t\t\t<\/span>\n\t\t<\/div>\n\t<\/div>\n\t\t<\/div>\n<\/div><div class=\"product-small col has-hover out-of-stock product type-product post-1755 status-publish outofstock product_cat-alle-produkte product_cat-frische product_cat-neuheiten product_cat-shop product_cat-unsere-auswahl has-post-thumbnail taxable shipping-taxable purchasable product-type-simple\">\n\t<div class=\"col-inner\">\n\t\n<div class=\"badge-container absolute left top z-1\">\n\n<\/div>\n\t<div class=\"product-small box \">\n\t\t<div class=\"box-image\">\n\t\t\t<div class=\"image-fade_in_back\">\n\t\t\t\t<a href=\"https:\/\/climsom-suisse.ch\/de\/produkt\/coolpad-xl-gel-erfrischende-xl-auflage\/\">\n\t\t\t\t\t<img loading=\"lazy\" decoding=\"async\" width=\"300\" height=\"300\" src=\"https:\/\/climsom-suisse.ch\/wp-content\/uploads\/2022\/06\/299-Coolpad-XL-Gel-Sur-oreiller-rafraichissant-XL-300x300.jpg\" class=\"attachment-woocommerce_thumbnail size-woocommerce_thumbnail\" alt=\"Coolpad XL Gel - Erfrischende XL-Auflage\" srcset=\"https:\/\/climsom-suisse.ch\/wp-content\/uploads\/2022\/06\/299-Coolpad-XL-Gel-Sur-oreiller-rafraichissant-XL-300x300.jpg 300w, https:\/\/climsom-suisse.ch\/wp-content\/uploads\/2022\/06\/299-Coolpad-XL-Gel-Sur-oreiller-rafraichissant-XL-280x280.jpg 280w, https:\/\/climsom-suisse.ch\/wp-content\/uploads\/2022\/06\/299-Coolpad-XL-Gel-Sur-oreiller-rafraichissant-XL-100x100.jpg 100w\" sizes=\"auto, (max-width: 300px) 100vw, 300px\" \/><img loading=\"lazy\" decoding=\"async\" width=\"300\" height=\"300\" src=\"https:\/\/climsom-suisse.ch\/wp-content\/uploads\/2022\/06\/299-Coolpad-XL-Gel-Sur-oreiller-rafraichissant-XL-300x300.jpg\" class=\"show-on-hover absolute fill hide-for-small back-image\" alt=\"Coolpad XL Gel - Erfrischende XL-Auflage\" aria-hidden=\"true\" srcset=\"https:\/\/climsom-suisse.ch\/wp-content\/uploads\/2022\/06\/299-Coolpad-XL-Gel-Sur-oreiller-rafraichissant-XL-300x300.jpg 300w, https:\/\/climsom-suisse.ch\/wp-content\/uploads\/2022\/06\/299-Coolpad-XL-Gel-Sur-oreiller-rafraichissant-XL-280x280.jpg 280w, https:\/\/climsom-suisse.ch\/wp-content\/uploads\/2022\/06\/299-Coolpad-XL-Gel-Sur-oreiller-rafraichissant-XL-100x100.jpg 100w\" sizes=\"auto, (max-width: 300px) 100vw, 300px\" \/>\t\t\t\t<\/a>\n\t\t\t<\/div>\n\t\t\t<div class=\"image-tools is-small top right show-on-hover\">\n\t\t\t\t\t\t\t<\/div>\n\t\t\t<div class=\"image-tools is-small hide-for-small bottom left show-on-hover\">\n\t\t\t\t\t\t\t<\/div>\n\t\t\t<div class=\"image-tools grid-tools text-center hide-for-small bottom hover-slide-in show-on-hover\">\n\t\t\t\t<a href=\"#quick-view\" class=\"quick-view\" role=\"button\" data-prod=\"1755\" aria-haspopup=\"dialog\" aria-expanded=\"false\" data-flatsome-role-button>Schnellansicht<\/a>\t\t\t<\/div>\n\t\t\t<div class=\"out-of-stock-label\">Nicht vorr\u00e4tig<\/div>\t\t<\/div>\n\n\t\t<div class=\"box-text box-text-products text-center grid-style-2\">\n\t\t\t<div class=\"title-wrapper\"><p class=\"name product-title woocommerce-loop-product__title\"><a href=\"https:\/\/climsom-suisse.ch\/de\/produkt\/coolpad-xl-gel-erfrischende-xl-auflage\/\" class=\"woocommerce-LoopProduct-link woocommerce-loop-product__link\">Coolpad XL Gel &#8211; Erfrischende XL-Auflage<\/a><\/p><\/div><div class=\"price-wrapper\">\n\t<span class=\"price\"><span class=\"woocommerce-Price-amount amount\"><bdi><span class=\"woocommerce-Price-currencySymbol\" translate=\"no\">&#67;&#72;&#70;<\/span>&nbsp;49.00<\/bdi><\/span><\/span>\n<\/div><div class=\"add-to-cart-button\"><a href=\"https:\/\/climsom-suisse.ch\/de\/produkt\/coolpad-xl-gel-erfrischende-xl-auflage\/\" aria-describedby=\"woocommerce_loop_add_to_cart_link_describedby_1755\" data-quantity=\"1\" class=\"primary is-small mb-0 button product_type_simple is-outline\" data-product_id=\"1755\" data-product_sku=\"\" aria-label=\"Lese mehr \u00fcber &#8222;Coolpad XL Gel - Erfrischende XL-Auflage&#8220;\" rel=\"nofollow\" data-success_message=\"\">Weiterlesen<\/a><\/div>\t<span id=\"woocommerce_loop_add_to_cart_link_describedby_1755\" class=\"screen-reader-text\">\n\t\t\t<\/span>\n\t\t<\/div>\n\t<\/div>\n\t\t<\/div>\n<\/div><div class=\"product-small col has-hover product type-product post-1777 status-publish last instock product_cat-alle-produkte product_cat-gesundheit product_cat-neuheiten product_cat-wohlbefinden has-post-thumbnail sale taxable shipping-taxable purchasable product-type-simple\">\n\t<div class=\"col-inner\">\n\t\n<div class=\"badge-container absolute left top z-1\">\n<div class=\"callout badge badge-circle\"><div class=\"badge-inner secondary on-sale\"><span class=\"onsale\">Angebot!<\/span><\/div><\/div>\n<\/div>\n\t<div class=\"product-small box \">\n\t\t<div class=\"box-image\">\n\t\t\t<div class=\"image-fade_in_back\">\n\t\t\t\t<a href=\"https:\/\/climsom-suisse.ch\/de\/produkt\/electropap\/\">\n\t\t\t\t\t<img loading=\"lazy\" decoding=\"async\" width=\"300\" height=\"300\" src=\"https:\/\/climsom-suisse.ch\/wp-content\/uploads\/2020\/03\/135-ElectroPap-300x300.jpg\" class=\"attachment-woocommerce_thumbnail size-woocommerce_thumbnail\" alt=\"ElectroPap&#039;\" srcset=\"https:\/\/climsom-suisse.ch\/wp-content\/uploads\/2020\/03\/135-ElectroPap-300x300.jpg 300w, https:\/\/climsom-suisse.ch\/wp-content\/uploads\/2020\/03\/135-ElectroPap-280x280.jpg 280w, https:\/\/climsom-suisse.ch\/wp-content\/uploads\/2020\/03\/135-ElectroPap-100x100.jpg 100w\" sizes=\"auto, (max-width: 300px) 100vw, 300px\" \/><img loading=\"lazy\" decoding=\"async\" width=\"300\" height=\"300\" src=\"https:\/\/climsom-suisse.ch\/wp-content\/uploads\/2020\/03\/135-ElectroPap-300x300.jpg\" class=\"show-on-hover absolute fill hide-for-small back-image\" alt=\"ElectroPap&#039;\" aria-hidden=\"true\" srcset=\"https:\/\/climsom-suisse.ch\/wp-content\/uploads\/2020\/03\/135-ElectroPap-300x300.jpg 300w, https:\/\/climsom-suisse.ch\/wp-content\/uploads\/2020\/03\/135-ElectroPap-280x280.jpg 280w, https:\/\/climsom-suisse.ch\/wp-content\/uploads\/2020\/03\/135-ElectroPap-100x100.jpg 100w\" sizes=\"auto, (max-width: 300px) 100vw, 300px\" \/>\t\t\t\t<\/a>\n\t\t\t<\/div>\n\t\t\t<div class=\"image-tools is-small top right show-on-hover\">\n\t\t\t\t\t\t\t<\/div>\n\t\t\t<div class=\"image-tools is-small hide-for-small bottom left show-on-hover\">\n\t\t\t\t\t\t\t<\/div>\n\t\t\t<div class=\"image-tools grid-tools text-center hide-for-small bottom hover-slide-in show-on-hover\">\n\t\t\t\t<a href=\"#quick-view\" class=\"quick-view\" role=\"button\" data-prod=\"1777\" aria-haspopup=\"dialog\" aria-expanded=\"false\" data-flatsome-role-button>Schnellansicht<\/a>\t\t\t<\/div>\n\t\t\t\t\t<\/div>\n\n\t\t<div class=\"box-text box-text-products text-center grid-style-2\">\n\t\t\t<div class=\"title-wrapper\"><p class=\"name product-title woocommerce-loop-product__title\"><a href=\"https:\/\/climsom-suisse.ch\/de\/produkt\/electropap\/\" class=\"woocommerce-LoopProduct-link woocommerce-loop-product__link\">ElectroPap&#8216;<\/a><\/p><\/div><div class=\"price-wrapper\">\n\t<span class=\"price\"><del aria-hidden=\"true\"><span class=\"woocommerce-Price-amount amount\"><bdi><span class=\"woocommerce-Price-currencySymbol\" translate=\"no\">&#67;&#72;&#70;<\/span>&nbsp;34.00<\/bdi><\/span><\/del> <span class=\"screen-reader-text\">Urspr\u00fcnglicher Preis war: &#067;&#072;&#070;&nbsp;34.00<\/span><ins aria-hidden=\"true\"><span class=\"woocommerce-Price-amount amount\"><bdi><span class=\"woocommerce-Price-currencySymbol\" translate=\"no\">&#67;&#72;&#70;<\/span>&nbsp;25.00<\/bdi><\/span><\/ins><span class=\"screen-reader-text\">Aktueller Preis ist: &#067;&#072;&#070;&nbsp;25.00.<\/span><\/span>\n<\/div><div class=\"add-to-cart-button\"><a href=\"\/de\/wp-json\/wp\/v2\/pages\/442?add-to-cart=1777\" aria-describedby=\"woocommerce_loop_add_to_cart_link_describedby_1777\" data-quantity=\"1\" class=\"primary is-small mb-0 button product_type_simple add_to_cart_button ajax_add_to_cart is-outline\" data-product_id=\"1777\" data-product_sku=\"\" aria-label=\"In den Warenkorb legen: \u201eElectroPap&#039;\u201c\" rel=\"nofollow\" data-success_message=\"\u201eElectroPap&#039;\u201c wurde deinem Warenkorb hinzugef\u00fcgt\" role=\"button\">In den Warenkorb<\/a><\/div>\t<span id=\"woocommerce_loop_add_to_cart_link_describedby_1777\" class=\"screen-reader-text\">\n\t\t\t<\/span>\n\t\t<\/div>\n\t<\/div>\n\t\t<\/div>\n<\/div><div class=\"product-small col has-hover product type-product post-1771 status-publish first instock product_cat-alle-produkte product_cat-gesundheit product_cat-neuheiten product_cat-shop has-post-thumbnail taxable shipping-taxable purchasable product-type-simple\">\n\t<div class=\"col-inner\">\n\t\n<div class=\"badge-container absolute left top z-1\">\n\n<\/div>\n\t<div class=\"product-small box \">\n\t\t<div class=\"box-image\">\n\t\t\t<div class=\"image-fade_in_back\">\n\t\t\t\t<a href=\"https:\/\/climsom-suisse.ch\/de\/produkt\/magnet-um-mit-dem-rauchen-aufzuhoeren-zerosmoke-c\/\">\n\t\t\t\t\t<img loading=\"lazy\" decoding=\"async\" width=\"300\" height=\"300\" src=\"https:\/\/climsom-suisse.ch\/wp-content\/uploads\/2020\/04\/185-Aimant-pour-arreter-de-fumer-Zerosmoke-C-300x300.jpg\" class=\"attachment-woocommerce_thumbnail size-woocommerce_thumbnail\" alt=\"Magnet, um mit dem Rauchen aufzuh\u00f6ren - Zerosmoke C\" srcset=\"https:\/\/climsom-suisse.ch\/wp-content\/uploads\/2020\/04\/185-Aimant-pour-arreter-de-fumer-Zerosmoke-C-300x300.jpg 300w, https:\/\/climsom-suisse.ch\/wp-content\/uploads\/2020\/04\/185-Aimant-pour-arreter-de-fumer-Zerosmoke-C-280x280.jpg 280w, https:\/\/climsom-suisse.ch\/wp-content\/uploads\/2020\/04\/185-Aimant-pour-arreter-de-fumer-Zerosmoke-C-100x100.jpg 100w\" sizes=\"auto, (max-width: 300px) 100vw, 300px\" \/><img loading=\"lazy\" decoding=\"async\" width=\"300\" height=\"300\" src=\"https:\/\/climsom-suisse.ch\/wp-content\/uploads\/2020\/04\/185-Aimant-pour-arreter-de-fumer-Zerosmoke-C-300x300.jpg\" class=\"show-on-hover absolute fill hide-for-small back-image\" alt=\"Magnet, um mit dem Rauchen aufzuh\u00f6ren - Zerosmoke C\" aria-hidden=\"true\" srcset=\"https:\/\/climsom-suisse.ch\/wp-content\/uploads\/2020\/04\/185-Aimant-pour-arreter-de-fumer-Zerosmoke-C-300x300.jpg 300w, https:\/\/climsom-suisse.ch\/wp-content\/uploads\/2020\/04\/185-Aimant-pour-arreter-de-fumer-Zerosmoke-C-280x280.jpg 280w, https:\/\/climsom-suisse.ch\/wp-content\/uploads\/2020\/04\/185-Aimant-pour-arreter-de-fumer-Zerosmoke-C-100x100.jpg 100w\" sizes=\"auto, (max-width: 300px) 100vw, 300px\" \/>\t\t\t\t<\/a>\n\t\t\t<\/div>\n\t\t\t<div class=\"image-tools is-small top right show-on-hover\">\n\t\t\t\t\t\t\t<\/div>\n\t\t\t<div class=\"image-tools is-small hide-for-small bottom left show-on-hover\">\n\t\t\t\t\t\t\t<\/div>\n\t\t\t<div class=\"image-tools grid-tools text-center hide-for-small bottom hover-slide-in show-on-hover\">\n\t\t\t\t<a href=\"#quick-view\" class=\"quick-view\" role=\"button\" data-prod=\"1771\" aria-haspopup=\"dialog\" aria-expanded=\"false\" data-flatsome-role-button>Schnellansicht<\/a>\t\t\t<\/div>\n\t\t\t\t\t<\/div>\n\n\t\t<div class=\"box-text box-text-products text-center grid-style-2\">\n\t\t\t<div class=\"title-wrapper\"><p class=\"name product-title woocommerce-loop-product__title\"><a href=\"https:\/\/climsom-suisse.ch\/de\/produkt\/magnet-um-mit-dem-rauchen-aufzuhoeren-zerosmoke-c\/\" class=\"woocommerce-LoopProduct-link woocommerce-loop-product__link\">Magnet, um mit dem Rauchen aufzuh\u00f6ren &#8211; Zerosmoke C<\/a><\/p><\/div><div class=\"price-wrapper\">\n\t<span class=\"price\"><span class=\"woocommerce-Price-amount amount\"><bdi><span class=\"woocommerce-Price-currencySymbol\" translate=\"no\">&#67;&#72;&#70;<\/span>&nbsp;25.00<\/bdi><\/span><\/span>\n<\/div><div class=\"add-to-cart-button\"><a href=\"\/de\/wp-json\/wp\/v2\/pages\/442?add-to-cart=1771\" aria-describedby=\"woocommerce_loop_add_to_cart_link_describedby_1771\" data-quantity=\"1\" class=\"primary is-small mb-0 button product_type_simple add_to_cart_button ajax_add_to_cart is-outline\" data-product_id=\"1771\" data-product_sku=\"\" aria-label=\"In den Warenkorb legen: \u201eMagnet, um mit dem Rauchen aufzuh\u00f6ren - Zerosmoke C\u201c\" rel=\"nofollow\" data-success_message=\"\u201eMagnet, um mit dem Rauchen aufzuh\u00f6ren - Zerosmoke C\u201c wurde deinem Warenkorb hinzugef\u00fcgt\" role=\"button\">In den Warenkorb<\/a><\/div>\t<span id=\"woocommerce_loop_add_to_cart_link_describedby_1771\" class=\"screen-reader-text\">\n\t\t\t<\/span>\n\t\t<\/div>\n\t<\/div>\n\t\t<\/div>\n<\/div><\/div>\n\n<div class=\"container section-title-container\" ><h3 class=\"section-title section-title-bold-center\"><b aria-hidden=\"true\"><\/b><span class=\"section-title-main\" style=\"font-size:undefined%;\">Nouveaut\u00e9s<\/span><b aria-hidden=\"true\"><\/b><\/h3><\/div>\n\n\t\n  \n    <div class=\"row large-columns-4 medium-columns-3 small-columns-2 row-small\" >\n  \n\t     <div class=\"col\" >\n\t\t\t\t\t\t<div class=\"col-inner\">\n\t\t\t\t\t\t\n<div class=\"badge-container absolute left top z-1\">\n<div class=\"callout badge badge-circle\"><div class=\"badge-inner secondary on-sale\"><span class=\"onsale\">Angebot!<\/span><\/div><\/div>\n<\/div>\n\t\t\t\t\t\t<div class=\"product-small box has-hover box-none box-text-bottom\">\n\t\t\t\t\t\t\t<div class=\"box-image\" >\n\t\t\t\t\t\t\t\t<div class=\"image-zoom image-glow\" >\n\t\t\t\t\t\t\t\t\t<a href=\"https:\/\/climsom-suisse.ch\/de\/produkt\/matratzenauflage-hitzewelle\/\" aria-label=\"Matratzenauflage \u201eHitzewelle\u201c\">\n\t\t\t\t\t\t\t\t\t\t<img loading=\"lazy\" decoding=\"async\" width=\"300\" height=\"300\" src=\"https:\/\/climsom-suisse.ch\/wp-content\/uploads\/2023\/03\/344-Surmatelas-Canicule-300x300.jpg\" class=\"show-on-hover absolute fill hide-for-small back-image\" alt=\"Matratzenauflage \u201eHitzewelle\u201c\" aria-hidden=\"true\" srcset=\"https:\/\/climsom-suisse.ch\/wp-content\/uploads\/2023\/03\/344-Surmatelas-Canicule-300x300.jpg 300w, https:\/\/climsom-suisse.ch\/wp-content\/uploads\/2023\/03\/344-Surmatelas-Canicule-280x280.jpg 280w, https:\/\/climsom-suisse.ch\/wp-content\/uploads\/2023\/03\/344-Surmatelas-Canicule-100x100.jpg 100w\" sizes=\"auto, (max-width: 300px) 100vw, 300px\" \/><img loading=\"lazy\" decoding=\"async\" width=\"300\" height=\"300\" src=\"https:\/\/climsom-suisse.ch\/wp-content\/uploads\/2023\/03\/344-Surmatelas-Canicule-300x300.jpg\" class=\"attachment-woocommerce_thumbnail size-woocommerce_thumbnail\" alt=\"Matratzenauflage \u201eHitzewelle\u201c\" srcset=\"https:\/\/climsom-suisse.ch\/wp-content\/uploads\/2023\/03\/344-Surmatelas-Canicule-300x300.jpg 300w, https:\/\/climsom-suisse.ch\/wp-content\/uploads\/2023\/03\/344-Surmatelas-Canicule-280x280.jpg 280w, https:\/\/climsom-suisse.ch\/wp-content\/uploads\/2023\/03\/344-Surmatelas-Canicule-100x100.jpg 100w\" sizes=\"auto, (max-width: 300px) 100vw, 300px\" \/>\t\t\t\t\t\t\t\t\t<\/a>\n\t\t\t\t\t\t\t\t\t<div class=\"overlay fill\" style=\"background-color: rgba(0, 0, 0, 0.19)\"><\/div>\t\t\t\t\t\t\t\t\t \t\t\t\t\t\t\t\t<\/div>\n\t\t\t\t\t\t\t\t<div class=\"image-tools top right show-on-hover\">\n\t\t\t\t\t\t\t\t\t\t\t\t\t\t\t\t\t<\/div>\n\t\t\t\t\t\t\t\t\t\t\t\t\t\t\t\t\t<div class=\"image-tools grid-tools text-center hide-for-small bottom hover-slide-in show-on-hover\">\n\t\t\t\t\t\t\t\t\t\t<a href=\"#quick-view\" class=\"quick-view\" role=\"button\" data-prod=\"1751\" aria-haspopup=\"dialog\" aria-expanded=\"false\" data-flatsome-role-button>Schnellansicht<\/a>\t\t\t\t\t\t\t\t\t<\/div>\n\t\t\t\t\t\t\t\t\t\t\t\t\t\t\t\t<div class=\"out-of-stock-label\">Nicht vorr\u00e4tig<\/div>\t\t\t\t\t\t\t<\/div>\n\n\t\t\t\t\t\t\t<div class=\"box-text text-left is-large\" >\n\t\t\t\t\t\t\t\t<div class=\"title-wrapper\">\t\t<p class=\"category uppercase is-smaller no-text-overflow product-cat op-8\">\n\t\t\tAlle Produkte\t\t<\/p>\n\t<p class=\"name product-title woocommerce-loop-product__title\"><a href=\"https:\/\/climsom-suisse.ch\/de\/produkt\/matratzenauflage-hitzewelle\/\" class=\"woocommerce-LoopProduct-link woocommerce-loop-product__link\">Matratzenauflage \u201eHitzewelle\u201c<\/a><\/p><\/div><div class=\"price-wrapper\">\n\t<span class=\"price\"><del aria-hidden=\"true\"><span class=\"woocommerce-Price-amount amount\"><bdi><span class=\"woocommerce-Price-currencySymbol\" translate=\"no\">&#67;&#72;&#70;<\/span>&nbsp;525.00<\/bdi><\/span><\/del> <span class=\"screen-reader-text\">Urspr\u00fcnglicher Preis war: &#067;&#072;&#070;&nbsp;525.00<\/span><ins aria-hidden=\"true\"><span class=\"woocommerce-Price-amount amount\"><bdi><span class=\"woocommerce-Price-currencySymbol\" translate=\"no\">&#67;&#72;&#70;<\/span>&nbsp;495.00<\/bdi><\/span><\/ins><span class=\"screen-reader-text\">Aktueller Preis ist: &#067;&#072;&#070;&nbsp;495.00.<\/span><\/span>\n<\/div><div class=\"add-to-cart-button\"><a href=\"https:\/\/climsom-suisse.ch\/de\/produkt\/matratzenauflage-hitzewelle\/\" aria-describedby=\"woocommerce_loop_add_to_cart_link_describedby_1751\" data-quantity=\"1\" class=\"primary is-small mb-0 button product_type_simple is-outline\" data-product_id=\"1751\" data-product_sku=\"\" aria-label=\"Lese mehr \u00fcber &#8222;Matratzenauflage \u201eHitzewelle\u201c&#8220;\" rel=\"nofollow\" data-success_message=\"\">Weiterlesen<\/a><\/div>\t<span id=\"woocommerce_loop_add_to_cart_link_describedby_1751\" class=\"screen-reader-text\">\n\t\t\t<\/span>\n\t\t\t\t\t\t\t<\/div>\n\t\t\t\t\t\t<\/div>\n\t\t\t\t\t\t<\/div>\n\t\t\t\t\t<\/div><div class=\"col\" >\n\t\t\t\t\t\t<div class=\"col-inner\">\n\t\t\t\t\t\t\n<div class=\"badge-container absolute left top z-1\">\n\n<\/div>\n\t\t\t\t\t\t<div class=\"product-small box has-hover box-none box-text-bottom\">\n\t\t\t\t\t\t\t<div class=\"box-image\" >\n\t\t\t\t\t\t\t\t<div class=\"image-zoom image-glow\" >\n\t\t\t\t\t\t\t\t\t<a href=\"https:\/\/climsom-suisse.ch\/de\/produkt\/headache-hat-stirnband-gegen-migraene\/\" aria-label=\"Headache Hat - Stirnband gegen Migr\u00e4ne\">\n\t\t\t\t\t\t\t\t\t\t<img loading=\"lazy\" decoding=\"async\" width=\"300\" height=\"300\" src=\"https:\/\/climsom-suisse.ch\/wp-content\/uploads\/2024\/04\/398-Headache-Hat-bandeau-anti-migraine-300x300.jpg\" class=\"show-on-hover absolute fill hide-for-small back-image\" alt=\"Headache Hat - Stirnband gegen Migr\u00e4ne\" aria-hidden=\"true\" srcset=\"https:\/\/climsom-suisse.ch\/wp-content\/uploads\/2024\/04\/398-Headache-Hat-bandeau-anti-migraine-300x300.jpg 300w, https:\/\/climsom-suisse.ch\/wp-content\/uploads\/2024\/04\/398-Headache-Hat-bandeau-anti-migraine-280x280.jpg 280w, https:\/\/climsom-suisse.ch\/wp-content\/uploads\/2024\/04\/398-Headache-Hat-bandeau-anti-migraine-100x100.jpg 100w\" sizes=\"auto, (max-width: 300px) 100vw, 300px\" \/><img loading=\"lazy\" decoding=\"async\" width=\"300\" height=\"300\" src=\"https:\/\/climsom-suisse.ch\/wp-content\/uploads\/2024\/04\/398-Headache-Hat-bandeau-anti-migraine-300x300.jpg\" class=\"attachment-woocommerce_thumbnail size-woocommerce_thumbnail\" alt=\"Headache Hat - Stirnband gegen Migr\u00e4ne\" srcset=\"https:\/\/climsom-suisse.ch\/wp-content\/uploads\/2024\/04\/398-Headache-Hat-bandeau-anti-migraine-300x300.jpg 300w, https:\/\/climsom-suisse.ch\/wp-content\/uploads\/2024\/04\/398-Headache-Hat-bandeau-anti-migraine-280x280.jpg 280w, https:\/\/climsom-suisse.ch\/wp-content\/uploads\/2024\/04\/398-Headache-Hat-bandeau-anti-migraine-100x100.jpg 100w\" sizes=\"auto, (max-width: 300px) 100vw, 300px\" \/>\t\t\t\t\t\t\t\t\t<\/a>\n\t\t\t\t\t\t\t\t\t<div class=\"overlay fill\" style=\"background-color: rgba(0, 0, 0, 0.19)\"><\/div>\t\t\t\t\t\t\t\t\t \t\t\t\t\t\t\t\t<\/div>\n\t\t\t\t\t\t\t\t<div class=\"image-tools top right show-on-hover\">\n\t\t\t\t\t\t\t\t\t\t\t\t\t\t\t\t\t<\/div>\n\t\t\t\t\t\t\t\t\t\t\t\t\t\t\t\t\t<div class=\"image-tools grid-tools text-center hide-for-small bottom hover-slide-in show-on-hover\">\n\t\t\t\t\t\t\t\t\t\t<a href=\"#quick-view\" class=\"quick-view\" role=\"button\" data-prod=\"1746\" aria-haspopup=\"dialog\" aria-expanded=\"false\" data-flatsome-role-button>Schnellansicht<\/a>\t\t\t\t\t\t\t\t\t<\/div>\n\t\t\t\t\t\t\t\t\t\t\t\t\t\t\t\t\t\t\t\t\t\t\t<\/div>\n\n\t\t\t\t\t\t\t<div class=\"box-text text-left is-large\" >\n\t\t\t\t\t\t\t\t<div class=\"title-wrapper\">\t\t<p class=\"category uppercase is-smaller no-text-overflow product-cat op-8\">\n\t\t\tAlle Produkte\t\t<\/p>\n\t<p class=\"name product-title woocommerce-loop-product__title\"><a href=\"https:\/\/climsom-suisse.ch\/de\/produkt\/headache-hat-stirnband-gegen-migraene\/\" class=\"woocommerce-LoopProduct-link woocommerce-loop-product__link\">Headache Hat &#8211; Stirnband gegen Migr\u00e4ne<\/a><\/p><\/div><div class=\"price-wrapper\">\n\t<span class=\"price\"><span class=\"woocommerce-Price-amount amount\"><bdi><span class=\"woocommerce-Price-currencySymbol\" translate=\"no\">&#67;&#72;&#70;<\/span>&nbsp;60.00<\/bdi><\/span><\/span>\n<\/div><div class=\"add-to-cart-button\"><a href=\"\/de\/wp-json\/wp\/v2\/pages\/442?add-to-cart=1746\" aria-describedby=\"woocommerce_loop_add_to_cart_link_describedby_1746\" data-quantity=\"1\" class=\"primary is-small mb-0 button product_type_simple add_to_cart_button ajax_add_to_cart is-outline\" data-product_id=\"1746\" data-product_sku=\"\" aria-label=\"In den Warenkorb legen: \u201eHeadache Hat - Stirnband gegen Migr\u00e4ne\u201c\" rel=\"nofollow\" data-success_message=\"\u201eHeadache Hat - Stirnband gegen Migr\u00e4ne\u201c wurde deinem Warenkorb hinzugef\u00fcgt\" role=\"button\">In den Warenkorb<\/a><\/div>\t<span id=\"woocommerce_loop_add_to_cart_link_describedby_1746\" class=\"screen-reader-text\">\n\t\t\t<\/span>\n\t\t\t\t\t\t\t<\/div>\n\t\t\t\t\t\t<\/div>\n\t\t\t\t\t\t<\/div>\n\t\t\t\t\t<\/div><div class=\"col\" >\n\t\t\t\t\t\t<div class=\"col-inner\">\n\t\t\t\t\t\t\n<div class=\"badge-container absolute left top z-1\">\n\n<\/div>\n\t\t\t\t\t\t<div class=\"product-small box has-hover box-none box-text-bottom\">\n\t\t\t\t\t\t\t<div class=\"box-image\" >\n\t\t\t\t\t\t\t\t<div class=\"image-zoom image-glow\" >\n\t\t\t\t\t\t\t\t\t<a href=\"https:\/\/climsom-suisse.ch\/de\/produkt\/augenmasseur-eye-massager\/\" aria-label=\"Augenmasseur Eye Massager\">\n\t\t\t\t\t\t\t\t\t\t<img loading=\"lazy\" decoding=\"async\" width=\"300\" height=\"300\" src=\"https:\/\/climsom-suisse.ch\/wp-content\/uploads\/2021\/11\/282-Masseur-oculaire-Eye-Massager-300x300.jpg\" class=\"show-on-hover absolute fill hide-for-small back-image\" alt=\"Augenmasseur Eye Massager\" aria-hidden=\"true\" srcset=\"https:\/\/climsom-suisse.ch\/wp-content\/uploads\/2021\/11\/282-Masseur-oculaire-Eye-Massager-300x300.jpg 300w, https:\/\/climsom-suisse.ch\/wp-content\/uploads\/2021\/11\/282-Masseur-oculaire-Eye-Massager-280x280.jpg 280w, https:\/\/climsom-suisse.ch\/wp-content\/uploads\/2021\/11\/282-Masseur-oculaire-Eye-Massager-100x100.jpg 100w\" sizes=\"auto, (max-width: 300px) 100vw, 300px\" \/><img loading=\"lazy\" decoding=\"async\" width=\"300\" height=\"300\" src=\"https:\/\/climsom-suisse.ch\/wp-content\/uploads\/2021\/11\/282-Masseur-oculaire-Eye-Massager-300x300.jpg\" class=\"attachment-woocommerce_thumbnail size-woocommerce_thumbnail\" alt=\"Augenmasseur Eye Massager\" srcset=\"https:\/\/climsom-suisse.ch\/wp-content\/uploads\/2021\/11\/282-Masseur-oculaire-Eye-Massager-300x300.jpg 300w, https:\/\/climsom-suisse.ch\/wp-content\/uploads\/2021\/11\/282-Masseur-oculaire-Eye-Massager-280x280.jpg 280w, https:\/\/climsom-suisse.ch\/wp-content\/uploads\/2021\/11\/282-Masseur-oculaire-Eye-Massager-100x100.jpg 100w\" sizes=\"auto, (max-width: 300px) 100vw, 300px\" \/>\t\t\t\t\t\t\t\t\t<\/a>\n\t\t\t\t\t\t\t\t\t<div class=\"overlay fill\" style=\"background-color: rgba(0, 0, 0, 0.19)\"><\/div>\t\t\t\t\t\t\t\t\t \t\t\t\t\t\t\t\t<\/div>\n\t\t\t\t\t\t\t\t<div class=\"image-tools top right show-on-hover\">\n\t\t\t\t\t\t\t\t\t\t\t\t\t\t\t\t\t<\/div>\n\t\t\t\t\t\t\t\t\t\t\t\t\t\t\t\t\t<div class=\"image-tools grid-tools text-center hide-for-small bottom hover-slide-in show-on-hover\">\n\t\t\t\t\t\t\t\t\t\t<a href=\"#quick-view\" class=\"quick-view\" role=\"button\" data-prod=\"1756\" aria-haspopup=\"dialog\" aria-expanded=\"false\" data-flatsome-role-button>Schnellansicht<\/a>\t\t\t\t\t\t\t\t\t<\/div>\n\t\t\t\t\t\t\t\t\t\t\t\t\t\t\t\t\t\t\t\t\t\t\t<\/div>\n\n\t\t\t\t\t\t\t<div class=\"box-text text-left is-large\" >\n\t\t\t\t\t\t\t\t<div class=\"title-wrapper\">\t\t<p class=\"category uppercase is-smaller no-text-overflow product-cat op-8\">\n\t\t\tAlle Produkte\t\t<\/p>\n\t<p class=\"name product-title woocommerce-loop-product__title\"><a href=\"https:\/\/climsom-suisse.ch\/de\/produkt\/augenmasseur-eye-massager\/\" class=\"woocommerce-LoopProduct-link woocommerce-loop-product__link\">Augenmasseur Eye Massager<\/a><\/p><\/div><div class=\"price-wrapper\">\n\t<span class=\"price\"><span class=\"woocommerce-Price-amount amount\"><bdi><span class=\"woocommerce-Price-currencySymbol\" translate=\"no\">&#67;&#72;&#70;<\/span>&nbsp;99.00<\/bdi><\/span><\/span>\n<\/div><div class=\"add-to-cart-button\"><a href=\"\/de\/wp-json\/wp\/v2\/pages\/442?add-to-cart=1756\" aria-describedby=\"woocommerce_loop_add_to_cart_link_describedby_1756\" data-quantity=\"1\" class=\"primary is-small mb-0 button product_type_simple add_to_cart_button ajax_add_to_cart is-outline\" data-product_id=\"1756\" data-product_sku=\"\" aria-label=\"In den Warenkorb legen: \u201eAugenmasseur Eye Massager\u201c\" rel=\"nofollow\" data-success_message=\"\u201eAugenmasseur Eye Massager\u201c wurde deinem Warenkorb hinzugef\u00fcgt\" role=\"button\">In den Warenkorb<\/a><\/div>\t<span id=\"woocommerce_loop_add_to_cart_link_describedby_1756\" class=\"screen-reader-text\">\n\t\t\t<\/span>\n\t\t\t\t\t\t\t<\/div>\n\t\t\t\t\t\t<\/div>\n\t\t\t\t\t\t<\/div>\n\t\t\t\t\t<\/div><\/div>\n\n\t<div id=\"gap-2059986568\" class=\"gap-element clearfix\" style=\"display:block; height:auto;\">\n\t\t\n<style>\n#gap-2059986568 {\n  padding-top: 36px;\n}\n<\/style>\n\t<\/div>\n\t\n\n<div class=\"container section-title-container\" style=\"margin-top:40px;\"><h3 class=\"section-title section-title-bold-center\"><b aria-hidden=\"true\"><\/b><span class=\"section-title-main\" style=\"font-size:undefined%;\">Derniers articles<\/span><b aria-hidden=\"true\"><\/b><\/h3><\/div>\n\n\n  \n    <div class=\"row large-columns-3 medium-columns- small-columns-1 slider row-slider slider-nav-reveal slider-nav-push\"  data-flickity-options='{&quot;imagesLoaded&quot;: true, &quot;groupCells&quot;: &quot;100%&quot;, &quot;dragThreshold&quot; : 5, &quot;cellAlign&quot;: &quot;left&quot;,&quot;wrapAround&quot;: true,&quot;prevNextButtons&quot;: true,&quot;percentPosition&quot;: true,&quot;pageDots&quot;: false, &quot;rightToLeft&quot;: false, &quot;autoPlay&quot; : false}' >\n\n  <div class=\"col post-item\" >\n\t\t\t<div class=\"col-inner\">\n\t\t\t\t<div class=\"box box-text-bottom box-blog-post has-hover\">\n            \t\t\t\t\t<div class=\"box-image\" >\n  \t\t\t\t\t\t<div class=\"image-cover\" style=\"padding-top:200px;\">\n\t\t\t\t\t\t\t<a href=\"https:\/\/climsom-suisse.ch\/de\/die-raynaud-krankheit\/\" class=\"plain\" aria-label=\"Die Raynaud-Krankheit\">\n\t\t\t\t\t\t\t\t<img loading=\"lazy\" decoding=\"async\" width=\"600\" height=\"400\" src=\"https:\/\/climsom-suisse.ch\/wp-content\/uploads\/2024\/07\/sur-matelas-climsom-600x400.jpg\" class=\"attachment-medium size-medium wp-post-image\" alt=\"\" srcset=\"https:\/\/climsom-suisse.ch\/wp-content\/uploads\/2024\/07\/sur-matelas-climsom-600x400.jpg 600w, https:\/\/climsom-suisse.ch\/wp-content\/uploads\/2024\/07\/sur-matelas-climsom-1200x800.jpg 1200w, https:\/\/climsom-suisse.ch\/wp-content\/uploads\/2024\/07\/sur-matelas-climsom-768x512.jpg 768w, https:\/\/climsom-suisse.ch\/wp-content\/uploads\/2024\/07\/sur-matelas-climsom.jpg 1500w\" sizes=\"auto, (max-width: 600px) 100vw, 600px\" \/>\t\t\t\t\t\t\t<\/a>\n  \t\t\t\t\t\t\t  \t\t\t\t\t\t\t  \t\t\t\t\t\t<\/div>\n  \t\t\t\t\t\t  \t\t\t\t\t<\/div>\n          \t\t\t\t\t<div class=\"box-text text-center\" >\n\t\t\t\t\t<div class=\"box-text-inner blog-post-inner\">\n\n\t\t\t\t\t\n\t\t\t\t\t\t\t\t\t\t<h5 class=\"post-title is-large \">\n\t\t\t\t\t\t<a href=\"https:\/\/climsom-suisse.ch\/de\/die-raynaud-krankheit\/\" class=\"plain\">Die Raynaud-Krankheit<\/a>\n\t\t\t\t\t<\/h5>\n\t\t\t\t\t\t\t\t\t\t<div class=\"is-divider\"><\/div>\n\t\t\t\t\t\t\t\t\t\t<p class=\"from_the_blog_excerpt \">\n\t\t\t\t\t\t\t\t\t\t\t<\/p>\n\t\t\t\t\t                    \n\t\t\t\t\t\n\t\t\t\t\t\n\t\t\t\t\t<\/div>\n\t\t\t\t\t<\/div>\n\t\t\t\t\t\t\t\t\t\t\t\t\t\t\t\t<div class=\"badge absolute top post-date badge-square\">\n\t\t\t\t\t\t\t<div class=\"badge-inner\">\n\t\t\t\t\t\t\t\t<span class=\"post-date-day\">12<\/span><br>\n\t\t\t\t\t\t\t\t<span class=\"post-date-month is-xsmall\">Juli<\/span>\n\t\t\t\t\t\t\t<\/div>\n\t\t\t\t\t\t<\/div>\n\t\t\t\t\t\t\t\t\t<\/div>\n\t\t\t<\/div>\n\t\t<\/div><div class=\"col post-item\" >\n\t\t\t<div class=\"col-inner\">\n\t\t\t\t<div class=\"box box-text-bottom box-blog-post has-hover\">\n            \t\t\t\t\t<div class=\"box-image\" >\n  \t\t\t\t\t\t<div class=\"image-cover\" style=\"padding-top:200px;\">\n\t\t\t\t\t\t\t<a href=\"https:\/\/climsom-suisse.ch\/de\/rueckenschmerzen-versuchen-sie-es-mit-einer-akupressurmatte\/\" class=\"plain\" aria-label=\"R\u00fcckenschmerzen: Versuchen Sie es mit einer Akupressurmatte\">\n\t\t\t\t\t\t\t\t<img loading=\"lazy\" decoding=\"async\" width=\"560\" height=\"400\" src=\"https:\/\/climsom-suisse.ch\/wp-content\/uploads\/2024\/07\/climsom-zen-slide-1-560x400.png\" class=\"attachment-medium size-medium wp-post-image\" alt=\"\" srcset=\"https:\/\/climsom-suisse.ch\/wp-content\/uploads\/2024\/07\/climsom-zen-slide-1-560x400.png 560w, https:\/\/climsom-suisse.ch\/wp-content\/uploads\/2024\/07\/climsom-zen-slide-1-768x549.png 768w, https:\/\/climsom-suisse.ch\/wp-content\/uploads\/2024\/07\/climsom-zen-slide-1-600x429.png 600w, https:\/\/climsom-suisse.ch\/wp-content\/uploads\/2024\/07\/climsom-zen-slide-1.png 770w\" sizes=\"auto, (max-width: 560px) 100vw, 560px\" \/>\t\t\t\t\t\t\t<\/a>\n  \t\t\t\t\t\t\t  \t\t\t\t\t\t\t  \t\t\t\t\t\t<\/div>\n  \t\t\t\t\t\t  \t\t\t\t\t<\/div>\n          \t\t\t\t\t<div class=\"box-text text-center\" >\n\t\t\t\t\t<div class=\"box-text-inner blog-post-inner\">\n\n\t\t\t\t\t\n\t\t\t\t\t\t\t\t\t\t<h5 class=\"post-title is-large \">\n\t\t\t\t\t\t<a href=\"https:\/\/climsom-suisse.ch\/de\/rueckenschmerzen-versuchen-sie-es-mit-einer-akupressurmatte\/\" class=\"plain\">R\u00fcckenschmerzen: Versuchen Sie es mit einer Akupressurmatte<\/a>\n\t\t\t\t\t<\/h5>\n\t\t\t\t\t\t\t\t\t\t<div class=\"is-divider\"><\/div>\n\t\t\t\t\t\t\t\t\t\t<p class=\"from_the_blog_excerpt \">\n\t\t\t\t\t\tAls echter Endorphin-Stimulator mit nachgewiesenen Vorteilen bei Stress und R\u00fcckenschmerzen scheint die Climsom-Akupressurmatte eine wirksame [...]\t\t\t\t\t<\/p>\n\t\t\t\t\t                    \n\t\t\t\t\t\n\t\t\t\t\t\n\t\t\t\t\t<\/div>\n\t\t\t\t\t<\/div>\n\t\t\t\t\t\t\t\t\t\t\t\t\t\t\t\t<div class=\"badge absolute top post-date badge-square\">\n\t\t\t\t\t\t\t<div class=\"badge-inner\">\n\t\t\t\t\t\t\t\t<span class=\"post-date-day\">12<\/span><br>\n\t\t\t\t\t\t\t\t<span class=\"post-date-month is-xsmall\">Juli<\/span>\n\t\t\t\t\t\t\t<\/div>\n\t\t\t\t\t\t<\/div>\n\t\t\t\t\t\t\t\t\t<\/div>\n\t\t\t<\/div>\n\t\t<\/div><div class=\"col post-item\" >\n\t\t\t<div class=\"col-inner\">\n\t\t\t\t<div class=\"box box-text-bottom box-blog-post has-hover\">\n            \t\t\t\t\t<div class=\"box-image\" >\n  \t\t\t\t\t\t<div class=\"image-cover\" style=\"padding-top:200px;\">\n\t\t\t\t\t\t\t<a href=\"https:\/\/climsom-suisse.ch\/de\/einen-guten-vorsatz-fassen-wie-man-mit-dem-rauchen-aufhoert\/\" class=\"plain\" aria-label=\"Einen guten Vorsatz fassen! Wie man mit dem Rauchen aufh\u00f6rt\">\n\t\t\t\t\t\t\t\t<img loading=\"lazy\" decoding=\"async\" width=\"400\" height=\"400\" src=\"https:\/\/climsom-suisse.ch\/wp-content\/uploads\/2015\/11\/quit-smoking-auricular-400x400.webp\" class=\"attachment-medium size-medium wp-post-image\" alt=\"\" srcset=\"https:\/\/climsom-suisse.ch\/wp-content\/uploads\/2015\/11\/quit-smoking-auricular-400x400.webp 400w, https:\/\/climsom-suisse.ch\/wp-content\/uploads\/2015\/11\/quit-smoking-auricular-280x280.webp 280w, https:\/\/climsom-suisse.ch\/wp-content\/uploads\/2015\/11\/quit-smoking-auricular-300x300.webp 300w, https:\/\/climsom-suisse.ch\/wp-content\/uploads\/2015\/11\/quit-smoking-auricular-600x600.webp 600w, https:\/\/climsom-suisse.ch\/wp-content\/uploads\/2015\/11\/quit-smoking-auricular-100x100.webp 100w, https:\/\/climsom-suisse.ch\/wp-content\/uploads\/2015\/11\/quit-smoking-auricular.webp 640w\" sizes=\"auto, (max-width: 400px) 100vw, 400px\" \/>\t\t\t\t\t\t\t<\/a>\n  \t\t\t\t\t\t\t  \t\t\t\t\t\t\t  \t\t\t\t\t\t<\/div>\n  \t\t\t\t\t\t  \t\t\t\t\t<\/div>\n          \t\t\t\t\t<div class=\"box-text text-center\" >\n\t\t\t\t\t<div class=\"box-text-inner blog-post-inner\">\n\n\t\t\t\t\t\n\t\t\t\t\t\t\t\t\t\t<h5 class=\"post-title is-large \">\n\t\t\t\t\t\t<a href=\"https:\/\/climsom-suisse.ch\/de\/einen-guten-vorsatz-fassen-wie-man-mit-dem-rauchen-aufhoert\/\" class=\"plain\">Einen guten Vorsatz fassen! Wie man mit dem Rauchen aufh\u00f6rt<\/a>\n\t\t\t\t\t<\/h5>\n\t\t\t\t\t\t\t\t\t\t<div class=\"is-divider\"><\/div>\n\t\t\t\t\t\t\t\t\t\t<p class=\"from_the_blog_excerpt \">\n\t\t\t\t\t\tEinen guten Vorsatz fassen! Wie man mit dem Rauchen aufh\u00f6rt\t\t\t\t\t<\/p>\n\t\t\t\t\t                    \n\t\t\t\t\t\n\t\t\t\t\t\n\t\t\t\t\t<\/div>\n\t\t\t\t\t<\/div>\n\t\t\t\t\t\t\t\t\t\t\t\t\t\t\t\t<div class=\"badge absolute top post-date badge-square\">\n\t\t\t\t\t\t\t<div class=\"badge-inner\">\n\t\t\t\t\t\t\t\t<span class=\"post-date-day\">19<\/span><br>\n\t\t\t\t\t\t\t\t<span class=\"post-date-month is-xsmall\">Nov.<\/span>\n\t\t\t\t\t\t\t<\/div>\n\t\t\t\t\t\t<\/div>\n\t\t\t\t\t\t\t\t\t<\/div>\n\t\t\t<\/div>\n\t\t<\/div><\/div>\n\n<div class=\"container section-title-container\" ><h3 class=\"section-title section-title-bold-center\"><b aria-hidden=\"true\"><\/b><span class=\"section-title-main\" style=\"font-size:undefined%;\"><i class=\"icon-instagram\" aria-hidden=\"true\"><\/i>Vu \u00e0 la T\u00e9l\u00e9<\/span><b aria-hidden=\"true\"><\/b><\/h3><\/div>\n\n<div class=\"row\"  id=\"row-1743025763\">\n\n\n\t<div id=\"col-649977959\" class=\"col small-12 large-12\"  >\n\t\t\t\t<div class=\"col-inner\"  >\n\t\t\t\n\t\t\t\n\n\t<div class=\"img has-hover x md-x lg-x y md-y lg-y\" id=\"image_842673111\">\n\t\t\t\t\t\t\t\t<div class=\"img-inner dark\" >\n\t\t\t<img loading=\"lazy\" decoding=\"async\" width=\"1020\" height=\"191\" src=\"https:\/\/climsom-suisse.ch\/wp-content\/uploads\/2024\/07\/banner_1.webp\" class=\"attachment-large size-large\" alt=\"\" srcset=\"https:\/\/climsom-suisse.ch\/wp-content\/uploads\/2024\/07\/banner_1.webp 1110w, https:\/\/climsom-suisse.ch\/wp-content\/uploads\/2024\/07\/banner_1-800x150.webp 800w, https:\/\/climsom-suisse.ch\/wp-content\/uploads\/2024\/07\/banner_1-768x144.webp 768w, https:\/\/climsom-suisse.ch\/wp-content\/uploads\/2024\/07\/banner_1-600x112.webp 600w\" sizes=\"auto, (max-width: 1020px) 100vw, 1020px\" \/>\t\t\t\t\t\t\n\t\t\t\t\t<\/div>\n\t\t\t\t\t\t\t\t\n<style>\n#image_842673111 {\n  width: 100%;\n}\n<\/style>\n\t<\/div>\n\t\n\n\n\t\t<\/div>\n\t\t\t\t\t<\/div>\n\n\t\n\n<\/div>\n\n","protected":false},"excerpt":{"rendered":"","protected":false},"author":1,"featured_media":278,"parent":0,"menu_order":0,"comment_status":"closed","ping_status":"closed","template":"page-blank.php","meta":{"footnotes":""},"class_list":["post-442","page","type-page","status-publish","has-post-thumbnail","hentry"],"_links":{"self":[{"href":"https:\/\/climsom-suisse.ch\/de\/wp-json\/wp\/v2\/pages\/442","targetHints":{"allow":["GET"]}}],"collection":[{"href":"https:\/\/climsom-suisse.ch\/de\/wp-json\/wp\/v2\/pages"}],"about":[{"href":"https:\/\/climsom-suisse.ch\/de\/wp-json\/wp\/v2\/types\/page"}],"author":[{"embeddable":true,"href":"https:\/\/climsom-suisse.ch\/de\/wp-json\/wp\/v2\/users\/1"}],"replies":[{"embeddable":true,"href":"https:\/\/climsom-suisse.ch\/de\/wp-json\/wp\/v2\/comments?post=442"}],"version-history":[{"count":13,"href":"https:\/\/climsom-suisse.ch\/de\/wp-json\/wp\/v2\/pages\/442\/revisions"}],"predecessor-version":[{"id":1893,"href":"https:\/\/climsom-suisse.ch\/de\/wp-json\/wp\/v2\/pages\/442\/revisions\/1893"}],"wp:featuredmedia":[{"embeddable":true,"href":"https:\/\/climsom-suisse.ch\/de\/wp-json\/wp\/v2\/media\/278"}],"wp:attachment":[{"href":"https:\/\/climsom-suisse.ch\/de\/wp-json\/wp\/v2\/media?parent=442"}],"curies":[{"name":"wp","href":"https:\/\/api.w.org\/{rel}","templated":true}]}}